{"version":"1.0","provider_name":"Infocentro","provider_url":"https:\/\/www.infocentro.gob.ve","author_name":"Osmar Ruiz","author_url":"https:\/\/www.infocentro.gob.ve\/index.php\/author\/osmar-ruiz\/","title":"Taller sobre Arduino IDE en M\u00e9rida - Infocentro","type":"rich","width":600,"height":338,"html":"<blockquote class=\"wp-embedded-content\" data-secret=\"ggVMm9XzyD\"><a href=\"https:\/\/www.infocentro.gob.ve\/index.php\/taller-sobre-arduino-ide-en-merida\/\">Taller sobre Arduino IDE en M\u00e9rida<\/a><\/blockquote><iframe sandbox=\"allow-scripts\" security=\"restricted\" src=\"https:\/\/www.infocentro.gob.ve\/index.php\/taller-sobre-arduino-ide-en-merida\/embed\/#?secret=ggVMm9XzyD\" width=\"600\" height=\"338\" title=\"\u00abTaller sobre Arduino IDE en M\u00e9rida\u00bb \u2014 Infocentro\" data-secret=\"ggVMm9XzyD\" frameborder=\"0\" marginwidth=\"0\" marginheight=\"0\" scrolling=\"no\" class=\"wp-embedded-content\"><\/iframe><script type=\"text\/javascript\">\n\/* <![CDATA[ *\/\n\/*! This file is auto-generated *\/\n!function(d,l){\"use strict\";l.querySelector&&d.addEventListener&&\"undefined\"!=typeof URL&&(d.wp=d.wp||{},d.wp.receiveEmbedMessage||(d.wp.receiveEmbedMessage=function(e){var t=e.data;if((t||t.secret||t.message||t.value)&&!\/[^a-zA-Z0-9]\/.test(t.secret)){for(var s,r,n,a=l.querySelectorAll('iframe[data-secret=\"'+t.secret+'\"]'),o=l.querySelectorAll('blockquote[data-secret=\"'+t.secret+'\"]'),c=new RegExp(\"^https?:$\",\"i\"),i=0;i<o.length;i++)o[i].style.display=\"none\";for(i=0;i<a.length;i++)s=a[i],e.source===s.contentWindow&&(s.removeAttribute(\"style\"),\"height\"===t.message?(1e3<(r=parseInt(t.value,10))?r=1e3:~~r<200&&(r=200),s.height=r):\"link\"===t.message&&(r=new URL(s.getAttribute(\"src\")),n=new URL(t.value),c.test(n.protocol))&&n.host===r.host&&l.activeElement===s&&(d.top.location.href=t.value))}},d.addEventListener(\"message\",d.wp.receiveEmbedMessage,!1),l.addEventListener(\"DOMContentLoaded\",function(){for(var e,t,s=l.querySelectorAll(\"iframe.wp-embedded-content\"),r=0;r<s.length;r++)(t=(e=s[r]).getAttribute(\"data-secret\"))||(t=Math.random().toString(36).substring(2,12),e.src+=\"#?secret=\"+t,e.setAttribute(\"data-secret\",t)),e.contentWindow.postMessage({message:\"ready\",secret:t},\"*\")},!1)))}(window,document);\n\/\/# sourceURL=https:\/\/www.infocentro.gob.ve\/wp-includes\/js\/wp-embed.min.js\n\/* ]]> *\/\n<\/script>\n","thumbnail_url":"https:\/\/www.infocentro.gob.ve\/wp-content\/uploads\/2025\/08\/A2-1.jpg","thumbnail_width":715,"thumbnail_height":936,"description":"Prensa Infocentro M\u00e9rida\/ Yordany Altuve.- Desde el Infocentro Cesar Albornoz en el sector Bel\u00e9n, ubicado el municipio Libertador, del Estado Bolivariano de M\u00e9rida, se llev\u00f3 a cabo con \u00e9xito un taller sobre Arduino IDE.&nbsp; La actividad, dise\u00f1ada para fomentar el aprendizaje tecnol\u00f3gico en la comunidad, cont\u00f3 con la entusiasta participaci\u00f3n de 16 ni\u00f1os con un promedio de edad entre los 8 y 16 a\u00f1os. El taller, dirigido a 16 ni\u00f1os con un promedio de edad entre los 8 y 16 a\u00f1os, tuvo como objetivo principal brindar a los participantes un conocimiento fundamental sobre el uso el an\u00e1lisis de la conexi\u00f3n de los sensores y de los c\u00f3digos en el programa Arduino IDE. Est\u00e1 actividad est\u00e1 siendo llevada a cabo durante todo el mes de agosto, donde los ni\u00f1os aprenden de manera pr\u00e1ctica activar los diferentes sensores del kit de electr\u00f3nica b\u00e1sica con el programa Arduino IDE, una habilidad crucial para el manejo de las nuevas tecnolog\u00edas. Una parte fundamental del taller en la programaci\u00f3n de sensores a los ni\u00f1os se les ense\u00f1aron la instalaci\u00f3n de bibliotecas y el manejo del c\u00f3digo de cada sensor y componentes de electr\u00f3nica tales como las pantallas y led y el microcontrolador Arduino. En los pr\u00f3ximos d\u00edas se les impartir\u00e1 los talleres de Fritzing, que es un entorno de desarrollo de para el armado de circuitos electr\u00f3nicos en rob\u00f3tica educativa. Infocentro Bel\u00e9n reafirma su compromiso con la educaci\u00f3n y el desarrollo comunitario, promoviendo espacios donde ni\u00f1os y j\u00f3venes pueden adquirir habilidades valiosas para su futuro en la era digital. Esta actividad est\u00e1 enmarcada en la Gran Misi\u00f3n Ciencia, Tecnolog\u00eda e Innovaci\u00f3n Dr. Humberto Fern\u00e1ndez Mor\u00e1n."}