{"version":"1.0","provider_name":"Infocentro","provider_url":"https:\/\/www.infocentro.gob.ve","author_name":"Osmar Ruiz","author_url":"https:\/\/www.infocentro.gob.ve\/index.php\/author\/osmar-ruiz\/","title":"Taller de Planificaci\u00f3n Estrat\u00e9gica en Trujillo - Infocentro","type":"rich","width":600,"height":338,"html":"<blockquote class=\"wp-embedded-content\" data-secret=\"RB29GuEGd4\"><a href=\"https:\/\/www.infocentro.gob.ve\/index.php\/taller-de-planificacion-estrategica-en-trujillo\/\">Taller de Planificaci\u00f3n Estrat\u00e9gica en Trujillo<\/a><\/blockquote><iframe sandbox=\"allow-scripts\" security=\"restricted\" src=\"https:\/\/www.infocentro.gob.ve\/index.php\/taller-de-planificacion-estrategica-en-trujillo\/embed\/#?secret=RB29GuEGd4\" width=\"600\" height=\"338\" title=\"\u00abTaller de Planificaci\u00f3n Estrat\u00e9gica en Trujillo\u00bb \u2014 Infocentro\" data-secret=\"RB29GuEGd4\" frameborder=\"0\" marginwidth=\"0\" marginheight=\"0\" scrolling=\"no\" class=\"wp-embedded-content\"><\/iframe><script type=\"text\/javascript\">\n\/* <![CDATA[ *\/\n\/*! This file is auto-generated *\/\n!function(d,l){\"use strict\";l.querySelector&&d.addEventListener&&\"undefined\"!=typeof URL&&(d.wp=d.wp||{},d.wp.receiveEmbedMessage||(d.wp.receiveEmbedMessage=function(e){var t=e.data;if((t||t.secret||t.message||t.value)&&!\/[^a-zA-Z0-9]\/.test(t.secret)){for(var s,r,n,a=l.querySelectorAll('iframe[data-secret=\"'+t.secret+'\"]'),o=l.querySelectorAll('blockquote[data-secret=\"'+t.secret+'\"]'),c=new RegExp(\"^https?:$\",\"i\"),i=0;i<o.length;i++)o[i].style.display=\"none\";for(i=0;i<a.length;i++)s=a[i],e.source===s.contentWindow&&(s.removeAttribute(\"style\"),\"height\"===t.message?(1e3<(r=parseInt(t.value,10))?r=1e3:~~r<200&&(r=200),s.height=r):\"link\"===t.message&&(r=new URL(s.getAttribute(\"src\")),n=new URL(t.value),c.test(n.protocol))&&n.host===r.host&&l.activeElement===s&&(d.top.location.href=t.value))}},d.addEventListener(\"message\",d.wp.receiveEmbedMessage,!1),l.addEventListener(\"DOMContentLoaded\",function(){for(var e,t,s=l.querySelectorAll(\"iframe.wp-embedded-content\"),r=0;r<s.length;r++)(t=(e=s[r]).getAttribute(\"data-secret\"))||(t=Math.random().toString(36).substring(2,12),e.src+=\"#?secret=\"+t,e.setAttribute(\"data-secret\",t)),e.contentWindow.postMessage({message:\"ready\",secret:t},\"*\")},!1)))}(window,document);\n\/\/# sourceURL=https:\/\/www.infocentro.gob.ve\/wp-includes\/js\/wp-embed.min.js\n\/* ]]> *\/\n<\/script>\n","thumbnail_url":"https:\/\/www.infocentro.gob.ve\/wp-content\/uploads\/2023\/11\/1A.jpg","thumbnail_width":904,"thumbnail_height":508,"description":"Prensa Infocentro \/ Henry Jaimes.- En el marco del Plan Infocentro en Ofensiva y el acompa\u00f1amiento del equipo nacional al Estado Trujillo, la Jefa de Pol\u00edticas P\u00fablicas Mariolys Gonz\u00e1lez, el Jefe de Gesti\u00f3n de la Red Henry Jaimes, el equipo de Coordinaci\u00f3n Estadal de Trujillo y las y los facilitadores del eje Valera, participaron en el taller: Planificaci\u00f3n Estrat\u00e9gica facilitado por la presidenta de Fundacite Trujillo, Prof. Janeth Montero, con el objetivo de socializar herramientas para que los equipos de trabajo del estado, generen estrategias acertadas para una planificaci\u00f3n m\u00e1s c\u00f3nsona en cada uno de los territorios. Se destac\u00f3 la importancia del Plan Nacional Comunidades Tic para la Inclusi\u00f3n Digital como ruta de trabajo hasta el a\u00f1o 2030, y la necesidad de conocerlo y compartirlo con todos los actores que hacen vida en los espacios comunitarios y, a prop\u00f3sito del taller recibido, planificar en funci\u00f3n de los contenidos all\u00ed plasmados. Fue oportuno el momento tambi\u00e9n, para fortalecer la articulaci\u00f3n e intercambiar ideas para entre ayudarse en el desarrollo de las distintas pol\u00edticas p\u00fablicas que desde el Mincyt se ejecutan. En ese sentido, Mariolys Gonz\u00e1lez manifest\u00f3 que \u201cla Fundaci\u00f3n Infocentro contin\u00faa celebrando su 23 aniversario, generando condiciones para que desde sus espacios socio tecnol\u00f3gicos La Ciencia Para la Vida, sea su accionar cotidiano\u201d."}