{"version":"1.0","provider_name":"Infocentro","provider_url":"https:\/\/www.infocentro.gob.ve","author_name":"Osmar Ruiz","author_url":"https:\/\/www.infocentro.gob.ve\/index.php\/author\/osmar-ruiz\/","title":"Sumando esfuerzos para la inclusi\u00f3n digital - Infocentro","type":"rich","width":600,"height":338,"html":"<blockquote class=\"wp-embedded-content\" data-secret=\"seBGK6S67M\"><a href=\"https:\/\/www.infocentro.gob.ve\/index.php\/sumando-esfuerzos-para-la-inclusion-digital\/\">Sumando esfuerzos para la inclusi\u00f3n digital<\/a><\/blockquote><iframe sandbox=\"allow-scripts\" security=\"restricted\" src=\"https:\/\/www.infocentro.gob.ve\/index.php\/sumando-esfuerzos-para-la-inclusion-digital\/embed\/#?secret=seBGK6S67M\" width=\"600\" height=\"338\" title=\"\u00abSumando esfuerzos para la inclusi\u00f3n digital\u00bb \u2014 Infocentro\" data-secret=\"seBGK6S67M\" frameborder=\"0\" marginwidth=\"0\" marginheight=\"0\" scrolling=\"no\" class=\"wp-embedded-content\"><\/iframe><script type=\"text\/javascript\">\n\/* <![CDATA[ *\/\n\/*! This file is auto-generated *\/\n!function(d,l){\"use strict\";l.querySelector&&d.addEventListener&&\"undefined\"!=typeof URL&&(d.wp=d.wp||{},d.wp.receiveEmbedMessage||(d.wp.receiveEmbedMessage=function(e){var t=e.data;if((t||t.secret||t.message||t.value)&&!\/[^a-zA-Z0-9]\/.test(t.secret)){for(var s,r,n,a=l.querySelectorAll('iframe[data-secret=\"'+t.secret+'\"]'),o=l.querySelectorAll('blockquote[data-secret=\"'+t.secret+'\"]'),c=new RegExp(\"^https?:$\",\"i\"),i=0;i<o.length;i++)o[i].style.display=\"none\";for(i=0;i<a.length;i++)s=a[i],e.source===s.contentWindow&&(s.removeAttribute(\"style\"),\"height\"===t.message?(1e3<(r=parseInt(t.value,10))?r=1e3:~~r<200&&(r=200),s.height=r):\"link\"===t.message&&(r=new URL(s.getAttribute(\"src\")),n=new URL(t.value),c.test(n.protocol))&&n.host===r.host&&l.activeElement===s&&(d.top.location.href=t.value))}},d.addEventListener(\"message\",d.wp.receiveEmbedMessage,!1),l.addEventListener(\"DOMContentLoaded\",function(){for(var e,t,s=l.querySelectorAll(\"iframe.wp-embedded-content\"),r=0;r<s.length;r++)(t=(e=s[r]).getAttribute(\"data-secret\"))||(t=Math.random().toString(36).substring(2,12),e.src+=\"#?secret=\"+t,e.setAttribute(\"data-secret\",t)),e.contentWindow.postMessage({message:\"ready\",secret:t},\"*\")},!1)))}(window,document);\n\/\/# sourceURL=https:\/\/www.infocentro.gob.ve\/wp-includes\/js\/wp-embed.min.js\n\/* ]]> *\/\n<\/script>\n","thumbnail_url":"https:\/\/www.infocentro.gob.ve\/wp-content\/uploads\/2025\/02\/A7.jpg","thumbnail_width":1000,"thumbnail_height":564,"description":"Prensa Infocentro \/ Morellys Vargas.- Gracias a la nueva versi\u00f3n de Canaima 8.0, desarrollada por el CNTI, las personas con discapacidad visual podr\u00e1n acceder a herramientas tecnol\u00f3gicas dise\u00f1adas para sus necesidades. \u00a1Un gran paso hacia la inclusi\u00f3n digital! As\u00ed lo dio a conocer Luis La Rosa, presidente de la Fundaci\u00f3n Infocentro, quien con emotivas palabras apertur\u00f3 el taller dirigido a las personas con discapacidad visual a fin de fortalecer sus conocimientos y que a su vez se conviertan en formador de formadores \u00abEsta es una deuda hist\u00f3rica que tenemos con ustedes, y no solo nos preocupa, sino que nos ocupamos en resolverla. Estamos dando un golpe al tecno feudalismo, a esas grandes empresas que nos marcan pautas y nos amarran a sus din\u00e1micas. Con Canaima 8.0, desarrollamos soluciones propias, adaptadas a las necesidades de nuestro pa\u00eds, nuestras caracter\u00edsticas, nuestra idiosincrasia, vamos dando un golpe a ese tipo de pr\u00e1cticas capitalistas\u201d. \u00c1ngel Marrufo jefe de la Oficina de Operaciones Canaima, inform\u00f3 que \u201cen esta formaci\u00f3n la versi\u00f3n 8.0 de Canaima GNU\/Linux, desarrollada en Venezuela desde 2007, se presenta como una herramienta accesible y adaptable para personas con discapacidad visual. Esta versi\u00f3n incorpora mejoras significativas, como un asistente de voz, que facilita la interacci\u00f3n con el sistema operativo y la b\u00fasqueda de informaci\u00f3n. Adem\u00e1s, se implement\u00f3 un modelo de desarrollo \u00abRolling Release\u00bb que permite a los usuarios realizar actualizaciones constantes y mejoras continuas\u201d. El taller cont\u00f3 con la participaci\u00f3n del facilitador Elvis Vargas de la Superintendencia de Servicios de Certificaci\u00f3n Electr\u00f3nica (Suscerte), destacando la importancia del uso del software libre Canaima, para las personas con discapacidad visual, \u201cqueremos darle una herramienta libre, acabar un poco con la dependencia tecnol\u00f3gica del Software privativo y vencer esas barreras donde creemos que las tiflotecnolog\u00edas no est\u00e1n incluyendo a las personas con discapacidad\u201d. Este proyecto es un esfuerzo conjunto entre la Fundaci\u00f3n Infocentro y el Centro Nacional de Tecnolog\u00edas de Informaci\u00f3n (CNTI). La iniciativa se enmarca en el compromiso del Gobierno venezolano con el desarrollo de tecnolog\u00edas libres y la inclusi\u00f3n digital, tal como lo establece la Ley de Infogobierno, que promueve el uso de software libre en las instituciones del Estado. El Ministerio del Poder Popular para Ciencia y Tecnolog\u00eda, la Fundaci\u00f3n Infocentro y CONAPDIS reafirman su compromiso con la construcci\u00f3n de una sociedad m\u00e1s inclusiva, donde las tecnolog\u00edas est\u00e9n al servicio de todas las personas, sin importar su condici\u00f3n."}