{"version":"1.0","provider_name":"Infocentro","provider_url":"https:\/\/www.infocentro.gob.ve","author_name":"Yaneth Fernandez","author_url":"https:\/\/www.infocentro.gob.ve\/index.php\/author\/yaneth-fernandez\/","title":"Seguridad Digital Para Los Ni\u00f1os En Portuguesa\u00a0 - Infocentro","type":"rich","width":600,"height":338,"html":"<blockquote class=\"wp-embedded-content\" data-secret=\"AsANl3SUV4\"><a href=\"https:\/\/www.infocentro.gob.ve\/index.php\/seguridad-digital-para-los-ninos-en-portuguesa\/\">Seguridad Digital Para Los Ni\u00f1os En Portuguesa\u00a0<\/a><\/blockquote><iframe sandbox=\"allow-scripts\" security=\"restricted\" src=\"https:\/\/www.infocentro.gob.ve\/index.php\/seguridad-digital-para-los-ninos-en-portuguesa\/embed\/#?secret=AsANl3SUV4\" width=\"600\" height=\"338\" title=\"\u00abSeguridad Digital Para Los Ni\u00f1os En Portuguesa\u00a0\u00bb \u2014 Infocentro\" data-secret=\"AsANl3SUV4\" frameborder=\"0\" marginwidth=\"0\" marginheight=\"0\" scrolling=\"no\" class=\"wp-embedded-content\"><\/iframe><script type=\"text\/javascript\">\n\/* <![CDATA[ *\/\n\/*! This file is auto-generated *\/\n!function(d,l){\"use strict\";l.querySelector&&d.addEventListener&&\"undefined\"!=typeof URL&&(d.wp=d.wp||{},d.wp.receiveEmbedMessage||(d.wp.receiveEmbedMessage=function(e){var t=e.data;if((t||t.secret||t.message||t.value)&&!\/[^a-zA-Z0-9]\/.test(t.secret)){for(var s,r,n,a=l.querySelectorAll('iframe[data-secret=\"'+t.secret+'\"]'),o=l.querySelectorAll('blockquote[data-secret=\"'+t.secret+'\"]'),c=new RegExp(\"^https?:$\",\"i\"),i=0;i<o.length;i++)o[i].style.display=\"none\";for(i=0;i<a.length;i++)s=a[i],e.source===s.contentWindow&&(s.removeAttribute(\"style\"),\"height\"===t.message?(1e3<(r=parseInt(t.value,10))?r=1e3:~~r<200&&(r=200),s.height=r):\"link\"===t.message&&(r=new URL(s.getAttribute(\"src\")),n=new URL(t.value),c.test(n.protocol))&&n.host===r.host&&l.activeElement===s&&(d.top.location.href=t.value))}},d.addEventListener(\"message\",d.wp.receiveEmbedMessage,!1),l.addEventListener(\"DOMContentLoaded\",function(){for(var e,t,s=l.querySelectorAll(\"iframe.wp-embedded-content\"),r=0;r<s.length;r++)(t=(e=s[r]).getAttribute(\"data-secret\"))||(t=Math.random().toString(36).substring(2,12),e.src+=\"#?secret=\"+t,e.setAttribute(\"data-secret\",t)),e.contentWindow.postMessage({message:\"ready\",secret:t},\"*\")},!1)))}(window,document);\n\/\/# sourceURL=https:\/\/www.infocentro.gob.ve\/wp-includes\/js\/wp-embed.min.js\n\/* ]]> *\/\n<\/script>\n","thumbnail_url":"https:\/\/www.infocentro.gob.ve\/wp-content\/uploads\/2026\/03\/1000703182-1.jpg","thumbnail_width":1156,"thumbnail_height":580,"description":"En la era de la transformaci\u00f3n tecnol\u00f3gica, resulta cotidiano observar c\u00f3mo ni\u00f1os y preadolescentes interact\u00faan con dispositivos digitales con una destreza sorprendente. Sin embargo, esta facilidad de manejo no siempre viene acompa\u00f1ada de la madurez necesaria para navegar de forma segura, lo que genera una creciente preocupaci\u00f3n entre padres y representantes. Ante este panorama, es fundamental establecer estrategias educativas que permitan a los menores disfrutar de las bondades del mundo digital sin comprometer su integridad personal ni su bienestar emocional durante el proceso. Bajo esta premisa, la facilitadora Marbely P\u00e9rez y el coordinador de formaci\u00f3n Arnando Jim\u00e9nez dise\u00f1aron una tem\u00e1tica integral enfocada en la seguridad digital para los m\u00e1s j\u00f3venes. El objetivo principal es reconocer que una parte significativa del tiempo de los ni\u00f1os y adolescentes transcurre en la internet, un espacio donde coexisten grandes oportunidades y riesgos latentes. Entre las amenazas m\u00e1s comunes identificadas se encuentran el acceso accidental a contenidos inapropiados para su edad, as\u00ed como el contacto no supervisado con personas desconocidas. En una reciente jornada de capacitaci\u00f3n, la Escuela B\u00e1sica \u00abCarlos Alberto Pelayo\u00bb abri\u00f3 sus puertas a la Fundaci\u00f3n Infocentro del municipio Araure para instruir a los alumnos de sexto grado. Durante el encuentro, se hizo especial \u00e9nfasis en la importancia de resguardar la privacidad personal en las plataformas digitales, subrayando que la informaci\u00f3n sensible no debe ser compartida en ninguna circunstancia. Los especialistas explicaron que la protecci\u00f3n de datos es la primera l\u00ednea de defensa para evitar situaciones de vulnerabilidad en el ciberespacio. Un grupo de cuarenta y seis (46) estudiantes, quienes est\u00e1n pr\u00f3ximos a iniciar una nueva etapa en su formaci\u00f3n acad\u00e9mica, recibieron herramientas pr\u00e1cticas para identificar posibles amenazas en la red. Se les instruy\u00f3 sobre la necesidad de ser extremadamente cautelosos al interactuar con enlaces sospechosos o correos electr\u00f3nicos de origen desconocido que podr\u00edan comprometer sus equipos. La formaci\u00f3n busc\u00f3 empoderar a los j\u00f3venes para que asuman un rol activo y responsable en el cuidado de su propia huella digital y seguridad inform\u00e1tica. Finalmente, la actividad resalt\u00f3 el valor de la confianza y la comunicaci\u00f3n abierta entre los estudiantes y sus representantes ante cualquier irregularidad detectada. Se exhort\u00f3 a los j\u00f3venes a evitar compartir contrase\u00f1as, incluso con amigos cercanos, y a reportar de inmediato cualquier caso de acoso, hostigamiento o amenazas persistentes en el entorno virtual. Con estas acciones, la Fundaci\u00f3n Infocentro reafirma su compromiso de guiar a las nuevas generaciones hacia un uso consciente, \u00e9tico y seguro de las herramientas tecnol\u00f3gicas actuales. Prensa Infocentro Portuguesa | Yubetzy Perozo"}