{"version":"1.0","provider_name":"Infocentro","provider_url":"https:\/\/www.infocentro.gob.ve","author_name":"Osmar Ruiz","author_url":"https:\/\/www.infocentro.gob.ve\/index.php\/author\/osmar-ruiz\/","title":"Revitalizando espacios en infocentro T\u00e1chira - Infocentro","type":"rich","width":600,"height":338,"html":"<blockquote class=\"wp-embedded-content\" data-secret=\"7Du2CYdGXq\"><a href=\"https:\/\/www.infocentro.gob.ve\/index.php\/revitalizando-espacios-en-infocentro-tachira\/\">Revitalizando espacios en infocentro T\u00e1chira<\/a><\/blockquote><iframe sandbox=\"allow-scripts\" security=\"restricted\" src=\"https:\/\/www.infocentro.gob.ve\/index.php\/revitalizando-espacios-en-infocentro-tachira\/embed\/#?secret=7Du2CYdGXq\" width=\"600\" height=\"338\" title=\"\u00abRevitalizando espacios en infocentro T\u00e1chira\u00bb \u2014 Infocentro\" data-secret=\"7Du2CYdGXq\" frameborder=\"0\" marginwidth=\"0\" marginheight=\"0\" scrolling=\"no\" class=\"wp-embedded-content\"><\/iframe><script type=\"text\/javascript\">\n\/* <![CDATA[ *\/\n\/*! This file is auto-generated *\/\n!function(d,l){\"use strict\";l.querySelector&&d.addEventListener&&\"undefined\"!=typeof URL&&(d.wp=d.wp||{},d.wp.receiveEmbedMessage||(d.wp.receiveEmbedMessage=function(e){var t=e.data;if((t||t.secret||t.message||t.value)&&!\/[^a-zA-Z0-9]\/.test(t.secret)){for(var s,r,n,a=l.querySelectorAll('iframe[data-secret=\"'+t.secret+'\"]'),o=l.querySelectorAll('blockquote[data-secret=\"'+t.secret+'\"]'),c=new RegExp(\"^https?:$\",\"i\"),i=0;i<o.length;i++)o[i].style.display=\"none\";for(i=0;i<a.length;i++)s=a[i],e.source===s.contentWindow&&(s.removeAttribute(\"style\"),\"height\"===t.message?(1e3<(r=parseInt(t.value,10))?r=1e3:~~r<200&&(r=200),s.height=r):\"link\"===t.message&&(r=new URL(s.getAttribute(\"src\")),n=new URL(t.value),c.test(n.protocol))&&n.host===r.host&&l.activeElement===s&&(d.top.location.href=t.value))}},d.addEventListener(\"message\",d.wp.receiveEmbedMessage,!1),l.addEventListener(\"DOMContentLoaded\",function(){for(var e,t,s=l.querySelectorAll(\"iframe.wp-embedded-content\"),r=0;r<s.length;r++)(t=(e=s[r]).getAttribute(\"data-secret\"))||(t=Math.random().toString(36).substring(2,12),e.src+=\"#?secret=\"+t,e.setAttribute(\"data-secret\",t)),e.contentWindow.postMessage({message:\"ready\",secret:t},\"*\")},!1)))}(window,document);\n\/\/# sourceURL=https:\/\/www.infocentro.gob.ve\/wp-includes\/js\/wp-embed.min.js\n\/* ]]> *\/\n<\/script>\n","thumbnail_url":"https:\/\/www.infocentro.gob.ve\/wp-content\/uploads\/2022\/11\/Web.jpg","thumbnail_width":1080,"thumbnail_height":570,"description":"InfoPrensa T\u00e1chira.- En el estado T\u00e1chira recientemente recibimos de parte de nuestro presidente Nicol\u00e1s Maduro, a trav\u00e9s de la Vicepresidenta de ciencia y Tecnolog\u00eda nuestra ministra Gabriela Jim\u00e9nez, la dotaci\u00f3n para repotenciar nueve infocentros distribuidos en ocho municipios de la entidad Tachirense. Gracias al esfuerzo del presidente de la Fundaci\u00f3n Infocentro Luis La Rosa quien a trav\u00e9s de esta nueva era de Repensar infocentro se ha pasado de la resistencia a la \u00abOfensiva\u00bb para que conjuntamente con la comunidad se pueda seguir fortaleciendo el trabajo en el territorio con esta gran plataforma tecnol\u00f3gica. El Jefe Estadal de la fundaci\u00f3n infocentro T\u00e1chira Licenciado Pastor Rodr\u00edguez, inform\u00f3 que los municipios: Garc\u00eda de Hevia, C\u00e1rdenas, Andr\u00e9s Bello, Guasimo, Fern\u00e1ndez Feo, Jun\u00edn, Ayacucho y Torbes ser\u00e1n el escenario para iniciar esta ofensiva que consiste en impulsar los procesos de mantenimiento f\u00edsico y en el \u00e1rea de la tecnolog\u00eda y comunicaci\u00f3n (TIC) para que las comunidades sigan empoderados de esta gran plataforma digital. La actividad estuvo acompa\u00f1ada por nuestra primera Dama Karem de Bernal presidenta de la Fundaci\u00f3n Familia tachirense el ingeniero Berm\u00fadez Jos\u00e9 y el gerente regional del INCES T\u00e1chira Giovanni Gonz\u00e1lez, igualmente los facilitadores, voceros de la comunidad y equipos pol\u00edtico de los municipios. Cabe destacar que luego del cumplimiento de este gran desaf\u00edo estaremos d\u00e1ndole inicio a nuestro Plan de Alfabetizaci\u00f3n Tecnol\u00f3gica para adultos mayores en una ofensiva formativa para capacitar a nuestros abuelos y abuelas del estado T\u00e1chira."}