{"version":"1.0","provider_name":"Infocentro","provider_url":"https:\/\/www.infocentro.gob.ve","author_name":"Yaneth Fernandez","author_url":"https:\/\/www.infocentro.gob.ve\/index.php\/author\/yaneth-fernandez\/","title":"Poder Popular Fortalece la Democracia Directa en Venezuela - Infocentro","type":"rich","width":600,"height":338,"html":"<blockquote class=\"wp-embedded-content\" data-secret=\"xy0WWpKblT\"><a href=\"https:\/\/www.infocentro.gob.ve\/index.php\/poder-popular-fortalece-la-democracia-directa-en-venezuela\/\">Poder Popular Fortalece la Democracia Directa en Venezuela<\/a><\/blockquote><iframe sandbox=\"allow-scripts\" security=\"restricted\" src=\"https:\/\/www.infocentro.gob.ve\/index.php\/poder-popular-fortalece-la-democracia-directa-en-venezuela\/embed\/#?secret=xy0WWpKblT\" width=\"600\" height=\"338\" title=\"\u00abPoder Popular Fortalece la Democracia Directa en Venezuela\u00bb \u2014 Infocentro\" data-secret=\"xy0WWpKblT\" frameborder=\"0\" marginwidth=\"0\" marginheight=\"0\" scrolling=\"no\" class=\"wp-embedded-content\"><\/iframe><script type=\"text\/javascript\">\n\/* <![CDATA[ *\/\n\/*! This file is auto-generated *\/\n!function(d,l){\"use strict\";l.querySelector&&d.addEventListener&&\"undefined\"!=typeof URL&&(d.wp=d.wp||{},d.wp.receiveEmbedMessage||(d.wp.receiveEmbedMessage=function(e){var t=e.data;if((t||t.secret||t.message||t.value)&&!\/[^a-zA-Z0-9]\/.test(t.secret)){for(var s,r,n,a=l.querySelectorAll('iframe[data-secret=\"'+t.secret+'\"]'),o=l.querySelectorAll('blockquote[data-secret=\"'+t.secret+'\"]'),c=new RegExp(\"^https?:$\",\"i\"),i=0;i<o.length;i++)o[i].style.display=\"none\";for(i=0;i<a.length;i++)s=a[i],e.source===s.contentWindow&&(s.removeAttribute(\"style\"),\"height\"===t.message?(1e3<(r=parseInt(t.value,10))?r=1e3:~~r<200&&(r=200),s.height=r):\"link\"===t.message&&(r=new URL(s.getAttribute(\"src\")),n=new URL(t.value),c.test(n.protocol))&&n.host===r.host&&l.activeElement===s&&(d.top.location.href=t.value))}},d.addEventListener(\"message\",d.wp.receiveEmbedMessage,!1),l.addEventListener(\"DOMContentLoaded\",function(){for(var e,t,s=l.querySelectorAll(\"iframe.wp-embedded-content\"),r=0;r<s.length;r++)(t=(e=s[r]).getAttribute(\"data-secret\"))||(t=Math.random().toString(36).substring(2,12),e.src+=\"#?secret=\"+t,e.setAttribute(\"data-secret\",t)),e.contentWindow.postMessage({message:\"ready\",secret:t},\"*\")},!1)))}(window,document);\n\/\/# sourceURL=https:\/\/www.infocentro.gob.ve\/wp-includes\/js\/wp-embed.min.js\n\/* ]]> *\/\n<\/script>\n","thumbnail_url":"https:\/\/www.infocentro.gob.ve\/wp-content\/uploads\/2026\/03\/WhatsApp-Image-2026-03-10-at-3.27.39-PM.jpeg","thumbnail_width":1600,"thumbnail_height":903,"description":"Durante la m\u00e1s reciente emisi\u00f3n del programa radial \u00abActivos en Red\u00bb, transmitido por Radio Miraflores y producido por la Fundaci\u00f3n Infocentro, se analiz\u00f3 el impacto positivo de la Consulta Popular Nacional realizada el pasado domingo. Bajo la conducci\u00f3n de Luis La Rosa y Dilcia Rodr\u00edguez, junto a la producci\u00f3n de Genail Salina, se resalt\u00f3 c\u00f3mo las comunidades organizadas han tomado el protagonismo en la toma de decisiones para mejorar sus condiciones de vida en todo el territorio. En este espacio, Edward Valera, Gerente de La Red de Infocentro, explic\u00f3 que este proceso permite que los ciudadanos elijan directamente los proyectos que consideran prioritarios para sus sectores. Valera enfatiz\u00f3 que no se trata solo de votar, sino de un ejercicio donde la juventud, a partir de los 15 a\u00f1os, tambi\u00e9n participa activamente en la construcci\u00f3n del futuro del pa\u00eds. Este mecanismo busca eliminar las barreras burocr\u00e1ticas y dar respuestas r\u00e1pidas a las necesidades reales de la gente de a pie. Por su parte, Trinidad Ram\u00edrez, Directora la Oficina de Atenci\u00f3n al Soberano, destac\u00f3 la fluidez y la alegr\u00eda que caracterizaron la jornada electoral del pasado 8 de marzo. Seg\u00fan Ram\u00edrez, los centros de votaci\u00f3n se convirtieron en espacios de encuentro donde los vecinos debatieron sobre soluciones comunes, como la mejora del agua potable o el alumbrado p\u00fablico. Esta uni\u00f3n demuestra que el pueblo tiene la capacidad necesaria para administrar sus propios recursos de manera honesta y eficiente. La nota destacada del programa fue la gran participaci\u00f3n de las mujeres, quienes lideran la mayor\u00eda de los consejos comunales y comunas en Venezuela. Los invitados coincidieron en que el D\u00eda Internacional de la Mujer fue el marco perfecto para demostrar el liderazgo femenino en la gesti\u00f3n p\u00fablica. Las mujeres no solo organizaron la consulta, sino que ahora ser\u00e1n las principales encargadas de vigilar que los proyectos aprobados se ejecuten correctamente en beneficio de sus familias. Finalmente, los moderadores y ponentes concluyeron que esta nueva forma de trabajar busca que las instituciones escuchen y obedezcan la voluntad de las mayor\u00edas. El compromiso ahora es acompa\u00f1ar a las comunidades en la ejecuci\u00f3n de sus obras, asegurando que cada recurso asignado se convierta en bienestar tangible. \u00abActivos en Red\u00bb reafirm\u00f3 su compromiso de seguir siendo una ventana informativa que impulse la organizaci\u00f3n comunal y la transparencia en la gesti\u00f3n de todos los venezolanos. Prensa Infocentro | Osmar Ruiz"}