{"version":"1.0","provider_name":"Infocentro","provider_url":"https:\/\/www.infocentro.gob.ve","author_name":"Yaneth Fernandez","author_url":"https:\/\/www.infocentro.gob.ve\/index.php\/author\/yaneth-fernandez\/","title":"\"Peque\u00f1os oradores\" El valor de alzar la voz - Infocentro","type":"rich","width":600,"height":338,"html":"<blockquote class=\"wp-embedded-content\" data-secret=\"fMQfVvBotA\"><a href=\"https:\/\/www.infocentro.gob.ve\/index.php\/pequenos-oradores-el-valor-de-alzar-la-voz\/\">\u00abPeque\u00f1os oradores\u00bb El valor de alzar la voz<\/a><\/blockquote><iframe sandbox=\"allow-scripts\" security=\"restricted\" src=\"https:\/\/www.infocentro.gob.ve\/index.php\/pequenos-oradores-el-valor-de-alzar-la-voz\/embed\/#?secret=fMQfVvBotA\" width=\"600\" height=\"338\" title=\"\u00ab\u00abPeque\u00f1os oradores\u00bb El valor de alzar la voz\u00bb \u2014 Infocentro\" data-secret=\"fMQfVvBotA\" frameborder=\"0\" marginwidth=\"0\" marginheight=\"0\" scrolling=\"no\" class=\"wp-embedded-content\"><\/iframe><script type=\"text\/javascript\">\n\/* <![CDATA[ *\/\n\/*! This file is auto-generated *\/\n!function(d,l){\"use strict\";l.querySelector&&d.addEventListener&&\"undefined\"!=typeof URL&&(d.wp=d.wp||{},d.wp.receiveEmbedMessage||(d.wp.receiveEmbedMessage=function(e){var t=e.data;if((t||t.secret||t.message||t.value)&&!\/[^a-zA-Z0-9]\/.test(t.secret)){for(var s,r,n,a=l.querySelectorAll('iframe[data-secret=\"'+t.secret+'\"]'),o=l.querySelectorAll('blockquote[data-secret=\"'+t.secret+'\"]'),c=new RegExp(\"^https?:$\",\"i\"),i=0;i<o.length;i++)o[i].style.display=\"none\";for(i=0;i<a.length;i++)s=a[i],e.source===s.contentWindow&&(s.removeAttribute(\"style\"),\"height\"===t.message?(1e3<(r=parseInt(t.value,10))?r=1e3:~~r<200&&(r=200),s.height=r):\"link\"===t.message&&(r=new URL(s.getAttribute(\"src\")),n=new URL(t.value),c.test(n.protocol))&&n.host===r.host&&l.activeElement===s&&(d.top.location.href=t.value))}},d.addEventListener(\"message\",d.wp.receiveEmbedMessage,!1),l.addEventListener(\"DOMContentLoaded\",function(){for(var e,t,s=l.querySelectorAll(\"iframe.wp-embedded-content\"),r=0;r<s.length;r++)(t=(e=s[r]).getAttribute(\"data-secret\"))||(t=Math.random().toString(36).substring(2,12),e.src+=\"#?secret=\"+t,e.setAttribute(\"data-secret\",t)),e.contentWindow.postMessage({message:\"ready\",secret:t},\"*\")},!1)))}(window,document);\n\/\/# sourceURL=https:\/\/www.infocentro.gob.ve\/wp-includes\/js\/wp-embed.min.js\n\/* ]]> *\/\n<\/script>\n","thumbnail_url":"https:\/\/www.infocentro.gob.ve\/wp-content\/uploads\/2026\/03\/5003623319613410405.jpg","thumbnail_width":1280,"thumbnail_height":651,"description":"En la Parroquia Barrancas del Municipio Cruz Paredes, los salones del Grupo Escolar Nacional Cruz Paredes se convirtieron en un escenario de empoderamiento infantil. Bajo la premisa de que la comunicaci\u00f3n es una herramienta de vida, 20 estudiantes de la secci\u00f3n 4to \u00abA\u00bb (de 8 y 9 a\u00f1os de edad) participaron en una jornada dedicada a descubrir que su voz tiene el poder de transformar su entorno. En un mundo donde la expresi\u00f3n clara es clave para el \u00e9xito, estos ni\u00f1os y ni\u00f1as est\u00e1n regresando a la esencia de la comunicaci\u00f3n: la palabra que conecta y convence. La actividad no solo busc\u00f3 mejorar la dicci\u00f3n, sino derribar las barreras del miedo esc\u00e9nico en la comunidad. La chispa de la actividad se encendi\u00f3 cuando uno de los estudiantes, venciendo la timidez inicial, levant\u00f3 la mano para presentar un tema con tal seguridad que transform\u00f3 la din\u00e1mica del aula; en ese instante, todos comprendieron que presentar una idea no es simplemente \u00abexponer\u00bb, sino lograr que los dem\u00e1s sientan que lo que se dice es de vital importancia. Bajo esta premisa, los organizadores destacaron que el objetivo es que cada ni\u00f1o y ni\u00f1a descubra que su voz tiene la fuerza de convencer, emocionar y divertir, entendiendo que no se trata solo de hablar, sino de perder definitivamente el temor a ser escuchados. Con esta iniciativa, la instituci\u00f3n reafirma su compromiso con una formaci\u00f3n integral, demostrando que, desde los 8 a\u00f1os, los ciudadanos del ma\u00f1ana ya est\u00e1n listos para alzar la voz con claridad y valent\u00eda. Asimismo, esta actividad se alinea con los v\u00e9rtices de la Gran Misi\u00f3n Ciencia, Tecnolog\u00eda e Innovaci\u00f3n \u00abDr. Humberto Fern\u00e1ndez-Mor\u00e1n\u00bb, fomentando el Semillero Cient\u00edfico a trav\u00e9s del desarrollo de habilidades comunicativas, esenciales para que los futuros investigadores y l\u00edderes del pa\u00eds puedan compartir sus conocimientos y hallazgos con el mundo. Prensa Infocentro Barinas | Karlexis Romero"}