{"version":"1.0","provider_name":"Infocentro","provider_url":"https:\/\/www.infocentro.gob.ve","author_name":"Osmar Ruiz","author_url":"https:\/\/www.infocentro.gob.ve\/index.php\/author\/osmar-ruiz\/","title":"Infocentro \"El Picacho\", aroma de poder popular - Infocentro","type":"rich","width":600,"height":338,"html":"<blockquote class=\"wp-embedded-content\" data-secret=\"1CoYNjqlmR\"><a href=\"https:\/\/www.infocentro.gob.ve\/index.php\/infocentro-el-picacho-aroma-de-poder-popular\/\">Infocentro \u00abEl Picacho\u00bb, aroma de poder popular<\/a><\/blockquote><iframe sandbox=\"allow-scripts\" security=\"restricted\" src=\"https:\/\/www.infocentro.gob.ve\/index.php\/infocentro-el-picacho-aroma-de-poder-popular\/embed\/#?secret=1CoYNjqlmR\" width=\"600\" height=\"338\" title=\"\u00abInfocentro \u00abEl Picacho\u00bb, aroma de poder popular\u00bb \u2014 Infocentro\" data-secret=\"1CoYNjqlmR\" frameborder=\"0\" marginwidth=\"0\" marginheight=\"0\" scrolling=\"no\" class=\"wp-embedded-content\"><\/iframe><script type=\"text\/javascript\">\n\/* <![CDATA[ *\/\n\/*! This file is auto-generated *\/\n!function(d,l){\"use strict\";l.querySelector&&d.addEventListener&&\"undefined\"!=typeof URL&&(d.wp=d.wp||{},d.wp.receiveEmbedMessage||(d.wp.receiveEmbedMessage=function(e){var t=e.data;if((t||t.secret||t.message||t.value)&&!\/[^a-zA-Z0-9]\/.test(t.secret)){for(var s,r,n,a=l.querySelectorAll('iframe[data-secret=\"'+t.secret+'\"]'),o=l.querySelectorAll('blockquote[data-secret=\"'+t.secret+'\"]'),c=new RegExp(\"^https?:$\",\"i\"),i=0;i<o.length;i++)o[i].style.display=\"none\";for(i=0;i<a.length;i++)s=a[i],e.source===s.contentWindow&&(s.removeAttribute(\"style\"),\"height\"===t.message?(1e3<(r=parseInt(t.value,10))?r=1e3:~~r<200&&(r=200),s.height=r):\"link\"===t.message&&(r=new URL(s.getAttribute(\"src\")),n=new URL(t.value),c.test(n.protocol))&&n.host===r.host&&l.activeElement===s&&(d.top.location.href=t.value))}},d.addEventListener(\"message\",d.wp.receiveEmbedMessage,!1),l.addEventListener(\"DOMContentLoaded\",function(){for(var e,t,s=l.querySelectorAll(\"iframe.wp-embedded-content\"),r=0;r<s.length;r++)(t=(e=s[r]).getAttribute(\"data-secret\"))||(t=Math.random().toString(36).substring(2,12),e.src+=\"#?secret=\"+t,e.setAttribute(\"data-secret\",t)),e.contentWindow.postMessage({message:\"ready\",secret:t},\"*\")},!1)))}(window,document);\n\/\/# sourceURL=https:\/\/www.infocentro.gob.ve\/wp-includes\/js\/wp-embed.min.js\n\/* ]]> *\/\n<\/script>\n","thumbnail_url":"https:\/\/www.infocentro.gob.ve\/wp-content\/uploads\/2024\/02\/YAR-1.jpg","thumbnail_width":992,"thumbnail_height":638,"description":"Prensa Infocentro Yaracuy \/ Cesar Chirinos.- La tarde de este martes 20 de febrero, el equipo de coordinaci\u00f3n de la Fundaci\u00f3n Infocentro en el estado Yaracuy, realiz\u00f3 una visita operativa al Infocentro El Picacho, espacio ubicado en el cerro del mismo nombre al oeste de la ciudad de Nirgua. La visita comprendi\u00f3 en un primer momento, una reuni\u00f3n con las facilitadoras, para revisar el accionar y la aplicaci\u00f3n de las l\u00edneas en el territorio del Ministerio del Poder Popular para la Ciencia y Tecnolog\u00eda y lo que concierne a Infocentro. Un segundo momento se desarroll\u00f3 en la reuni\u00f3n con la comunidad, con el poder popular, en este caso los voceros del Consejo Comunal Cacique Guaracay, quienes escucharon atentamente los planteamientos de la coordinaci\u00f3n y adem\u00e1s realizaron propuestas que buscan ampliar el radio de acci\u00f3n del Infocentro, Yamila Hern\u00e1ndez vocera del referido Consejo Comunal manifest\u00f3 \u00abes realmente motivador que ustedes puedan llegar a nuestra comunidad, sentarse aqu\u00ed con nosotros y adem\u00e1s de plantear, escuchar nuestras propuestas, en la actualidad nos encontramos haciendo las gestiones con una empresa privada para la conectividad del espacio, ya hemos adelantado bastante pero se hace necesario que la instituci\u00f3n tambi\u00e9n nos eche una mano\u00bb. Entre tanto Yelitza Aular, tambi\u00e9n vocera de la comunidad manifest\u00f3 \u00abhace unos meses fuimos participes de la readecuaci\u00f3n de este Infocentro, hoy la lucha es por la conectividad, aqu\u00ed tenemos instituciones educativas, ni\u00f1os y j\u00f3venes que necesitan de esta herramienta para sus estudios, pero adem\u00e1s los adultos mayores, mujeres y la comunidad toda, esperamos en los pr\u00f3ximos d\u00edas alcanzar este anhelo\u201d. Por su parte C\u00e9sar Chirinos miembro del equipo coordinador dijo; \u00abes gratificante saber, palpar de cerca la acci\u00f3n que el poder popular emprende para hacerse de las herramientas tecnol\u00f3gicas, este Infocentro es un icono de la comunidad y con el esfuerzo colectivo, seguro estoy que se alcanzar\u00e1n los objetivos, hoy adem\u00e1s este poder popular nos firm\u00f3 nuevamente el comodato de uso del espacio; nuevamente hemos renovado por diez a\u00f1os m\u00e1s el uso de estos espacios del consejo comunal, que se traducen en bienestar para nuestro pueblo\u00bb. Finalmente se procedi\u00f3 a realizar la actualizaci\u00f3n del inventario para as\u00ed cerrar la jornada de atenci\u00f3n a esta importante comunidad."}