{"version":"1.0","provider_name":"Infocentro","provider_url":"https:\/\/www.infocentro.gob.ve","author_name":"Osmar Ruiz","author_url":"https:\/\/www.infocentro.gob.ve\/index.php\/author\/osmar-ruiz\/","title":"Inauguraci\u00f3n del Infocentro Tabay - Mer 25 - Infocentro","type":"rich","width":600,"height":338,"html":"<blockquote class=\"wp-embedded-content\" data-secret=\"Z4VqvYBTQF\"><a href=\"https:\/\/www.infocentro.gob.ve\/index.php\/inauguracion-del-infocentro-tabay-mer-25\/\">Inauguraci\u00f3n del Infocentro Tabay &#8211; Mer 25<\/a><\/blockquote><iframe sandbox=\"allow-scripts\" security=\"restricted\" src=\"https:\/\/www.infocentro.gob.ve\/index.php\/inauguracion-del-infocentro-tabay-mer-25\/embed\/#?secret=Z4VqvYBTQF\" width=\"600\" height=\"338\" title=\"\u00abInauguraci\u00f3n del Infocentro Tabay &#8211; Mer 25\u00bb \u2014 Infocentro\" data-secret=\"Z4VqvYBTQF\" frameborder=\"0\" marginwidth=\"0\" marginheight=\"0\" scrolling=\"no\" class=\"wp-embedded-content\"><\/iframe><script type=\"text\/javascript\">\n\/* <![CDATA[ *\/\n\/*! This file is auto-generated *\/\n!function(d,l){\"use strict\";l.querySelector&&d.addEventListener&&\"undefined\"!=typeof URL&&(d.wp=d.wp||{},d.wp.receiveEmbedMessage||(d.wp.receiveEmbedMessage=function(e){var t=e.data;if((t||t.secret||t.message||t.value)&&!\/[^a-zA-Z0-9]\/.test(t.secret)){for(var s,r,n,a=l.querySelectorAll('iframe[data-secret=\"'+t.secret+'\"]'),o=l.querySelectorAll('blockquote[data-secret=\"'+t.secret+'\"]'),c=new RegExp(\"^https?:$\",\"i\"),i=0;i<o.length;i++)o[i].style.display=\"none\";for(i=0;i<a.length;i++)s=a[i],e.source===s.contentWindow&&(s.removeAttribute(\"style\"),\"height\"===t.message?(1e3<(r=parseInt(t.value,10))?r=1e3:~~r<200&&(r=200),s.height=r):\"link\"===t.message&&(r=new URL(s.getAttribute(\"src\")),n=new URL(t.value),c.test(n.protocol))&&n.host===r.host&&l.activeElement===s&&(d.top.location.href=t.value))}},d.addEventListener(\"message\",d.wp.receiveEmbedMessage,!1),l.addEventListener(\"DOMContentLoaded\",function(){for(var e,t,s=l.querySelectorAll(\"iframe.wp-embedded-content\"),r=0;r<s.length;r++)(t=(e=s[r]).getAttribute(\"data-secret\"))||(t=Math.random().toString(36).substring(2,12),e.src+=\"#?secret=\"+t,e.setAttribute(\"data-secret\",t)),e.contentWindow.postMessage({message:\"ready\",secret:t},\"*\")},!1)))}(window,document);\n\/\/# sourceURL=https:\/\/www.infocentro.gob.ve\/wp-includes\/js\/wp-embed.min.js\n\/* ]]> *\/\n<\/script>\n","thumbnail_url":"https:\/\/www.infocentro.gob.ve\/wp-content\/uploads\/2022\/04\/IMG-20220402-WA0021.jpg","thumbnail_width":640,"thumbnail_height":295,"description":"Este S\u00e1bado 02 de Abril, se llevo a cabo en el Mercado Artesanal Tadeo R\u00e1ngel del Municipio Santos Marquina, del Estado Bolivariano de M\u00e9rida, la Reinauguraci\u00f3n del Infocentro Tabay &#8211; Mer 25, primer Infocentro Municipalizado del Estado. La actividad, se llevo a cabo en el Sal\u00f3n de Reuniones de la Alcald\u00eda\u00a0del Municipio y en donde estuvieron presentes, Jos\u00e9 B\u00e1lmore Otalora Alcalde Revolucionario as\u00ed como todo su tren ejecutivo, los Legisladores del Estado Bolivariano de M\u00e9rida Maire Escalona y Jostwald Prato, Anyela Rojas Coordinadora Estatal de Infocentro y el Poder Popular; durante las intervenciones, la Legisladora Maire Escalona resalto que \u00bb\u00a0Hoy acompa\u00f1amos a la instalaci\u00f3n\u00a0del infocentro municipal de Santos Marquina, un espacio para nuestros ni\u00f1os j\u00f3venes y adultos, lo que va a permitir fortalecer con este gran instrumento la parte tecnol\u00f3gica de nuestra gente. Para Jostwald Prato legislador del estado, \u00abEste espacio viene\u00a0 a\u00a0 fortalecer el proceso de organizaci\u00f3n que se vive en nuestras comunidades, va a impulsar el verdadero empoderamiento de las herramientas que el gobierno pone a disposici\u00f3n\u00a0 del pueblo, permitiendo la creaci\u00f3n de un centro de desarrollo end\u00f3geno que va a permitir la creaci\u00f3n de proyectos que se van a expandir a todo lo largo y ancho de este municipio.\u00a0Felicitamos el esfuerzo que viene realizando la fundaci\u00f3n Infocentro M\u00e9rida en articulaci\u00f3n con esta alcald\u00eda Bolivariana para que nuestro Pueblo siga teniendo acceso a la tecnolog\u00eda de manera gratuita. Para el Alcalde del Municipio Jos\u00e9 B\u00e1lmore Otalora, \u00b7es un logro el estar inaugurando el Primer Infocentro Municipalizado del Municipio y nuestro estado, un espacio que va a estar abierto a las comunidades para la formaci\u00f3n, investigaci\u00f3n, que va a ir de la mano con la ciencia y la tecnolog\u00eda, as\u00ed\u00a0como con la formaci\u00f3n acad\u00e9mica del pueblo. Del mismo modo, agradeci\u00f3 los esfuerzos que realiza la Fundaci\u00f3n Infocentro para de esta manera seguir fortaleciendo a las comunidades con estas herramientas tecnol\u00f3gicas, al Gobernador del Estado Jehyson Guzm\u00e1n\u00a0y al Presidente de la Rep\u00fablica Bolivariana de Venezuela Nicolas Maduro Moros por seguir impulsando pol\u00edticas\u00a0en pro y desarrollo de nuestros pueblo. Al finalizar nuestra compa\u00f1era y Coordinadora Estatal Anyela Rojas recalco que es un d\u00eda importante para la Fundaci\u00f3n Infocentro y para el pueblo, ya que se inicia desde el Estado M\u00e9rida\u00a0 la Reinauguraci\u00f3n del Primer Infocentro enmarcado en el Plan de Repensar y Reimpulsar nuestros espacios, esto con la finalidad de crear un punto y circulo entre nuestras trincheras revolucionarias y las comunidades organizadas para el fortalecimiento tecnol\u00f3gico y social del pueblo."}