{"version":"1.0","provider_name":"Infocentro","provider_url":"https:\/\/www.infocentro.gob.ve","author_name":"Osmar Ruiz","author_url":"https:\/\/www.infocentro.gob.ve\/index.php\/author\/osmar-ruiz\/","title":"Fundaci\u00f3n Infocentro 24 a\u00f1os Conectando Comunidades - Infocentro","type":"rich","width":600,"height":338,"html":"<blockquote class=\"wp-embedded-content\" data-secret=\"ik5WAVtPFN\"><a href=\"https:\/\/www.infocentro.gob.ve\/index.php\/fundacion-infocentro-24-anos-conectando-comunidades\/\">Fundaci\u00f3n Infocentro 24 a\u00f1os Conectando Comunidades<\/a><\/blockquote><iframe sandbox=\"allow-scripts\" security=\"restricted\" src=\"https:\/\/www.infocentro.gob.ve\/index.php\/fundacion-infocentro-24-anos-conectando-comunidades\/embed\/#?secret=ik5WAVtPFN\" width=\"600\" height=\"338\" title=\"\u00abFundaci\u00f3n Infocentro 24 a\u00f1os Conectando Comunidades\u00bb \u2014 Infocentro\" data-secret=\"ik5WAVtPFN\" frameborder=\"0\" marginwidth=\"0\" marginheight=\"0\" scrolling=\"no\" class=\"wp-embedded-content\"><\/iframe><script type=\"text\/javascript\">\n\/* <![CDATA[ *\/\n\/*! This file is auto-generated *\/\n!function(d,l){\"use strict\";l.querySelector&&d.addEventListener&&\"undefined\"!=typeof URL&&(d.wp=d.wp||{},d.wp.receiveEmbedMessage||(d.wp.receiveEmbedMessage=function(e){var t=e.data;if((t||t.secret||t.message||t.value)&&!\/[^a-zA-Z0-9]\/.test(t.secret)){for(var s,r,n,a=l.querySelectorAll('iframe[data-secret=\"'+t.secret+'\"]'),o=l.querySelectorAll('blockquote[data-secret=\"'+t.secret+'\"]'),c=new RegExp(\"^https?:$\",\"i\"),i=0;i<o.length;i++)o[i].style.display=\"none\";for(i=0;i<a.length;i++)s=a[i],e.source===s.contentWindow&&(s.removeAttribute(\"style\"),\"height\"===t.message?(1e3<(r=parseInt(t.value,10))?r=1e3:~~r<200&&(r=200),s.height=r):\"link\"===t.message&&(r=new URL(s.getAttribute(\"src\")),n=new URL(t.value),c.test(n.protocol))&&n.host===r.host&&l.activeElement===s&&(d.top.location.href=t.value))}},d.addEventListener(\"message\",d.wp.receiveEmbedMessage,!1),l.addEventListener(\"DOMContentLoaded\",function(){for(var e,t,s=l.querySelectorAll(\"iframe.wp-embedded-content\"),r=0;r<s.length;r++)(t=(e=s[r]).getAttribute(\"data-secret\"))||(t=Math.random().toString(36).substring(2,12),e.src+=\"#?secret=\"+t,e.setAttribute(\"data-secret\",t)),e.contentWindow.postMessage({message:\"ready\",secret:t},\"*\")},!1)))}(window,document);\n\/\/# sourceURL=https:\/\/www.infocentro.gob.ve\/wp-includes\/js\/wp-embed.min.js\n\/* ]]> *\/\n<\/script>\n","thumbnail_url":"https:\/\/www.infocentro.gob.ve\/wp-content\/uploads\/2024\/11\/RRSS.jpg","thumbnail_width":720,"thumbnail_height":596,"description":"Celebremos junt@s la inclusi\u00f3n digital Prensa Infocentro \/ Morellys Vargas.- La Fundaci\u00f3n Infocentro, ente adscrito al Ministerio del Poder Popular para Ciencia y Tecnolog\u00eda se viste de alegr\u00eda y entusiasmo para celebrar su 24\u00b0 Aniversario el 2 de noviembre; un camino lleno de logros, luchas, sue\u00f1os y conquistas, al calor de las comunidades del territorio nacional. Lo que inici\u00f3 como parte de los sue\u00f1os del Comandante Eterno Hugo Ch\u00e1vez en noviembre del a\u00f1o 2000, con la puesta en marcha del primer Infocentro en las instalaciones del Parque General\u00edsimo Francisco de Miranda, hoy es una realidad que transforma la vida de millones de venezolanos. Con m\u00e1s de 734 Infocentros distribuidos a lo largo y ancho del pa\u00eds, logrando democratizar el acceso a la tecnolog\u00eda y fomentando la participaci\u00f3n activa de las comunidades en la construcci\u00f3n de un futuro mejor. Desde los Infocentros se promueve la Comunalizaci\u00f3n de la ciencia y la tecnolog\u00eda mediante la creaci\u00f3n de espacios tecnol\u00f3gicos comunitarios para el encuentro, la articulaci\u00f3n, la formaci\u00f3n, el intercambio de conocimientos y saberes populares, haciendo uso de las herramientas digitales para la participaci\u00f3n, la organizaci\u00f3n y la consolidaci\u00f3n de procesos de liberaci\u00f3n y de transformaci\u00f3n que se viven en las comunidades. En el transcurrir de los a\u00f1os, estos espacios sociotecnol\u00f3gicos han enfocado sus esfuerzos en promover la inclusi\u00f3n digital, para que todas las personas tengan acceso, hagan un buen uso y se apropien de las TIC, como un medio favorable para incrementar sus condiciones de vida y de la vida en comunidad, potenciando las capacidades digitales de sus organizaciones para que puedan avanzar en sus procesos de Autogobierno Comunal. Como parte de lo afirmativo venezolano, este a\u00f1o ser\u00e1 en honor al insigne m\u00e9dico y cient\u00edfico venezolano, Dr. Humberto Fern\u00e1ndez Moran, quien con su vida y ejemplo anima a seguir luchando por la construcci\u00f3n de un modelo de sociedad m\u00e1s justo e inclusivo para todos y todas, donde la ciencia y las TIC est\u00e9n a disposici\u00f3n de las grandes mayor\u00edas para incrementar sus condiciones de vida. Luis La Rosa, presidente de la Fundaci\u00f3n Infocentro manifest\u00f3 que \u201ctodos estos procesos forman parte de los lineamientos centrales del Gobierno Bolivariano, mediante la ejecuci\u00f3n de los planes y proyectos del Ministerio del Poder Popular para la Ciencia y la Tecnolog\u00eda, sintetiz\u00e1ndolo dentro de nuestro Plan Nacional Comunidades TIC para la Inclusi\u00f3n Digital 2022 \u2013 2030, invitando a todas las comunidades seguir utilizando las herramientas digitales como un medio para seguir avanzando en la construcci\u00f3n de la Patria Socialista\u201d. Te invitamos a unirte a la gran celebraci\u00f3n de los #24A\u00f1osInfocentro. Ven a tu Infocento m\u00e1s cercano y s\u00e9 parte de esta fiesta que conmemora a\u00f1os de aprendizaje, crecimiento y luchas comunitarias \u00a1Te esperamos!"}