{"version":"1.0","provider_name":"Infocentro","provider_url":"https:\/\/www.infocentro.gob.ve","author_name":"Osmar Ruiz","author_url":"https:\/\/www.infocentro.gob.ve\/index.php\/author\/osmar-ruiz\/","title":"Feria Internacional de la Salud - Infocentro","type":"rich","width":600,"height":338,"html":"<blockquote class=\"wp-embedded-content\" data-secret=\"TwBWCQdeuB\"><a href=\"https:\/\/www.infocentro.gob.ve\/index.php\/feria-internacional-de-la-salud\/\">Feria Internacional de la Salud<\/a><\/blockquote><iframe sandbox=\"allow-scripts\" security=\"restricted\" src=\"https:\/\/www.infocentro.gob.ve\/index.php\/feria-internacional-de-la-salud\/embed\/#?secret=TwBWCQdeuB\" width=\"600\" height=\"338\" title=\"\u00abFeria Internacional de la Salud\u00bb \u2014 Infocentro\" data-secret=\"TwBWCQdeuB\" frameborder=\"0\" marginwidth=\"0\" marginheight=\"0\" scrolling=\"no\" class=\"wp-embedded-content\"><\/iframe><script type=\"text\/javascript\">\n\/* <![CDATA[ *\/\n\/*! This file is auto-generated *\/\n!function(d,l){\"use strict\";l.querySelector&&d.addEventListener&&\"undefined\"!=typeof URL&&(d.wp=d.wp||{},d.wp.receiveEmbedMessage||(d.wp.receiveEmbedMessage=function(e){var t=e.data;if((t||t.secret||t.message||t.value)&&!\/[^a-zA-Z0-9]\/.test(t.secret)){for(var s,r,n,a=l.querySelectorAll('iframe[data-secret=\"'+t.secret+'\"]'),o=l.querySelectorAll('blockquote[data-secret=\"'+t.secret+'\"]'),c=new RegExp(\"^https?:$\",\"i\"),i=0;i<o.length;i++)o[i].style.display=\"none\";for(i=0;i<a.length;i++)s=a[i],e.source===s.contentWindow&&(s.removeAttribute(\"style\"),\"height\"===t.message?(1e3<(r=parseInt(t.value,10))?r=1e3:~~r<200&&(r=200),s.height=r):\"link\"===t.message&&(r=new URL(s.getAttribute(\"src\")),n=new URL(t.value),c.test(n.protocol))&&n.host===r.host&&l.activeElement===s&&(d.top.location.href=t.value))}},d.addEventListener(\"message\",d.wp.receiveEmbedMessage,!1),l.addEventListener(\"DOMContentLoaded\",function(){for(var e,t,s=l.querySelectorAll(\"iframe.wp-embedded-content\"),r=0;r<s.length;r++)(t=(e=s[r]).getAttribute(\"data-secret\"))||(t=Math.random().toString(36).substring(2,12),e.src+=\"#?secret=\"+t,e.setAttribute(\"data-secret\",t)),e.contentWindow.postMessage({message:\"ready\",secret:t},\"*\")},!1)))}(window,document);\n\/\/# sourceURL=https:\/\/www.infocentro.gob.ve\/wp-includes\/js\/wp-embed.min.js\n\/* ]]> *\/\n<\/script>\n","thumbnail_url":"https:\/\/www.infocentro.gob.ve\/wp-content\/uploads\/2023\/04\/photo1680293432.jpeg","thumbnail_width":1280,"thumbnail_height":853,"description":"Prensa Mincyt \/ Sheila Lisbelis Bravo Franquiz.- Este viernes durante la segunda jornada de la Primera Feria Internacional de la Salud Venezuela 2023, propios y visitantes pudieron disfrutar de distintas actividades e iniciativas que dan muestra de los avances en materia salud y la ciencia en Venezuela. Este segundo d\u00eda cont\u00f3 con la visita del presidente de la Rep\u00fablica, Nicol\u00e1s Maduro, acompa\u00f1ado por la vicepresidenta Sectorial de Ciencia, Tecnolog\u00eda, Educaci\u00f3n y Salud, Gabriela Jim\u00e9nez y la ministra del Poder Popular Para la Salud, Magaly Guti\u00e9rrez. El jefe de Estado, Nicol\u00e1s Maduro resalt\u00f3 que el evento da muestra de los grandes logros alcanzados en el Sistema P\u00fablico Nacional de Salud en todo el territorio nacional en pro de garantizar el bienestar del pueblo venezolano. El Presidente ratific\u00f3 que las alianzas internacionales son necesarias dentro del esfuerzo diario que hace Venezuela para salir adelante en medio del bloqueo econ\u00f3mico y la agresi\u00f3n permanente. Asimismo, el Mandatario Nacional hizo un llamado a todas las empresas privadas vinculadas al sector salud a sumar esfuerzos para impulsar el desarrollo de esta importante \u00e1rea del pa\u00eds. Destac\u00f3 que Venezuela est\u00e1 lista para dar un impulso al Motor Farmac\u00e9utico y producir todo lo que el pa\u00eds necesita para garantizar la salud del pueblo. Por su parte, la vicepresidenta Sectorial de Ciencia, Tecnolog\u00eda, Salud y Educaci\u00f3n Gabriela Jim\u00e9nez indic\u00f3 que la feria re\u00fane \u00abM\u00e1s de 18 empresas que producen en Venezuela, que invierten en el pa\u00eds y que diversifican sus capacidades t\u00e9cnicas y cient\u00edficas para garantizar medicamentos de calidad\u00bb. Tambi\u00e9n, manifest\u00f3 que Venezuela cuenta con \u00abUn gran sistema de salud que unifica la formaci\u00f3n del talento hermoso que con las batas blancas aplauden y animan, desde todas las regiones del pa\u00eds y que se han hecho presente en la feria\u00bb. Jim\u00e9nez detall\u00f3 que en la feria m\u00e1s de 76 especialidades m\u00e9dicas pudieron debatir temas como: casos cl\u00ednicos, experiencias de abordaje, nuevos tratamientos, enfoques sistem\u00e1ticos integrales y sobre todo la promoci\u00f3n de la salud que es un elemento fundamental. Resalt\u00f3 que los venezolanos \u00abNo queremos un sistema de salud que s\u00f3lo se aboque a atender el accidente, la herida y el infarto queremos un sistema de salud que promueva h\u00e1bitos diferentes que garanticen la salud, la alimentaci\u00f3n sana, pero sobre todo el abordaje psicol\u00f3gico y la pr\u00e1ctica del amor\u00bb. La ministra del Poder Popular Para la Salud, Magaly Guti\u00e9rrez detall\u00f3 que esta Primera Feria Internacional de la Salud, es un espacio para compartir experiencias con otros pa\u00edses y no solo para Venezuela. Por su parte, el presidente del Motor Farmac\u00e9utico, Ram\u00f3n Perdomo, precis\u00f3 que desde el a\u00f1o 2019, el sistema ha agregado a su movilizaci\u00f3n 80 millones de unidades de medicamentos, con un cierre, en el a\u00f1o 2022, de 230 millones. Feria Internacional de la Salud El objetivo de esta Feria es mostrar los avances del Sistema Nacional Integrado de Salud y exponer los logros alcanzados en \u00e1reas como diagn\u00f3sticas, terap\u00e9uticas, investigaci\u00f3n, quir\u00fargicas y \u00e1reas esenciales para la correcta praxis del ejercicio m\u00e9dico. El evento concentr\u00f3 m\u00e1s de 76 temas especializados en materia de salud, desarrollados por expertos nacionales y extranjeros de Argentina, China, Rusia, Egipto, Bolivia, Cuba e Ir\u00e1n. Ministerio de Ciencia y Tecnolog\u00eda tambi\u00e9n dijo presente El Ministerio del Poder Popular para Ciencia y Tecnolog\u00eda (Mincyt) es uno de los 45 expositores nacionales e internacionales. Entre los aportes cient\u00edficos venezolanos exhibidos en el stand del Mincyt, se encuentran el Kit de Diagn\u00f3stico de Toxoplasmosis; el biocontrolador (LARVIBAC WDG) para los vectores de Dengue, Zica y Chicungunya que acaba de superar su fase de desarrollo experimental para ir a escala piloto. El Kit para Diagn\u00f3stico de c\u00e1lculo renal y el programa de vigilancia gen\u00f3mica ante la posibilidad de nuevos virus y variantes. Con estos proyectos, el ministerio de Ciencia y Tecnolog\u00eda y los dem\u00e1s entes pertenecientes al Sistema de Salud, contribuyen con el debate y el compartir de conocimientos para el bienestar de toda la poblaci\u00f3n."}