{"version":"1.0","provider_name":"Infocentro","provider_url":"https:\/\/www.infocentro.gob.ve","author_name":"Osmar Ruiz","author_url":"https:\/\/www.infocentro.gob.ve\/index.php\/author\/osmar-ruiz\/","title":"Despliegue Nacional Infocentro en Ofensiva Lara - Infocentro","type":"rich","width":600,"height":338,"html":"<blockquote class=\"wp-embedded-content\" data-secret=\"sQ7NqDHor6\"><a href=\"https:\/\/www.infocentro.gob.ve\/index.php\/despliegue-nacional-infocentro-en-ofensiva-lara\/\">Despliegue Nacional Infocentro en Ofensiva Lara<\/a><\/blockquote><iframe sandbox=\"allow-scripts\" security=\"restricted\" src=\"https:\/\/www.infocentro.gob.ve\/index.php\/despliegue-nacional-infocentro-en-ofensiva-lara\/embed\/#?secret=sQ7NqDHor6\" width=\"600\" height=\"338\" title=\"\u00abDespliegue Nacional Infocentro en Ofensiva Lara\u00bb \u2014 Infocentro\" data-secret=\"sQ7NqDHor6\" frameborder=\"0\" marginwidth=\"0\" marginheight=\"0\" scrolling=\"no\" class=\"wp-embedded-content\"><\/iframe><script type=\"text\/javascript\">\n\/* <![CDATA[ *\/\n\/*! This file is auto-generated *\/\n!function(d,l){\"use strict\";l.querySelector&&d.addEventListener&&\"undefined\"!=typeof URL&&(d.wp=d.wp||{},d.wp.receiveEmbedMessage||(d.wp.receiveEmbedMessage=function(e){var t=e.data;if((t||t.secret||t.message||t.value)&&!\/[^a-zA-Z0-9]\/.test(t.secret)){for(var s,r,n,a=l.querySelectorAll('iframe[data-secret=\"'+t.secret+'\"]'),o=l.querySelectorAll('blockquote[data-secret=\"'+t.secret+'\"]'),c=new RegExp(\"^https?:$\",\"i\"),i=0;i<o.length;i++)o[i].style.display=\"none\";for(i=0;i<a.length;i++)s=a[i],e.source===s.contentWindow&&(s.removeAttribute(\"style\"),\"height\"===t.message?(1e3<(r=parseInt(t.value,10))?r=1e3:~~r<200&&(r=200),s.height=r):\"link\"===t.message&&(r=new URL(s.getAttribute(\"src\")),n=new URL(t.value),c.test(n.protocol))&&n.host===r.host&&l.activeElement===s&&(d.top.location.href=t.value))}},d.addEventListener(\"message\",d.wp.receiveEmbedMessage,!1),l.addEventListener(\"DOMContentLoaded\",function(){for(var e,t,s=l.querySelectorAll(\"iframe.wp-embedded-content\"),r=0;r<s.length;r++)(t=(e=s[r]).getAttribute(\"data-secret\"))||(t=Math.random().toString(36).substring(2,12),e.src+=\"#?secret=\"+t,e.setAttribute(\"data-secret\",t)),e.contentWindow.postMessage({message:\"ready\",secret:t},\"*\")},!1)))}(window,document);\n\/\/# sourceURL=https:\/\/www.infocentro.gob.ve\/wp-includes\/js\/wp-embed.min.js\n\/* ]]> *\/\n<\/script>\n","thumbnail_url":"https:\/\/www.infocentro.gob.ve\/wp-content\/uploads\/2023\/09\/2-3.jpg","thumbnail_width":940,"thumbnail_height":552,"description":"Prensa Infocentro.- En el marco del Plan Nacional Comunidades TIC para la Inclusi\u00f3n Digital, y el fortalecimiento de la plataforma f\u00edsica y tecnol\u00f3gica de 500 Infocentros en el pa\u00eds, el equipo nacional de la Gerencia de la Red de Infocentro se encuentra en despliegue de acompa\u00f1amiento en los estados. En \u00e9sta oportunidad, el compa\u00f1ero Henry Jaimes se dirigi\u00f3 al estado Lara y acompa\u00f1\u00f3 una ruta de trabajo que inici\u00f3 el d\u00eda domingo 24 de septiembre con la visita al Infocentro Comunal Hugo Ch\u00e1vez el Comandante LAR44, en compa\u00f1\u00eda del equipo de Coordinaci\u00f3n Estadal, en donde se comparti\u00f3 la experiencia cultural, productiva (siembra urbana) y organizaci\u00f3n comunitaria de muchos a\u00f1os. Luego se realiz\u00f3 una asamblea comunitaria para explicar el Plan Nacional, identificar algunas necesidades, pero sobre todo, para escuchar las propuestas de quienes desde a\u00f1os le dan vida a ese espacio: la organizaci\u00f3n comunitaria. El cultor y facilitador C\u00e9sar Hern\u00e1ndez, manifest\u00f3 la necesidad de contar con m\u00e1s apoyo para las experiencias productivas, ya que es de esa manera como pueden hacer autosustentable el proyecto infocentro en el territorio, y ofrecer a las ni\u00f1as, ni\u00f1os y adolescentes, mejores oportunidades de vida, y de vida en comunidad. La actividad cont\u00f3 con la participaci\u00f3n de grupos culturales, ni\u00f1as y ni\u00f1os que hacen vida en el espacio, y por supuesto, para ponerle sabor a esta maravillosa jornada, no pudo faltar el sancocho comunitario."}