{"version":"1.0","provider_name":"Infocentro","provider_url":"https:\/\/www.infocentro.gob.ve","author_name":"Yaneth Fernandez","author_url":"https:\/\/www.infocentro.gob.ve\/index.php\/author\/yaneth-fernandez\/","title":"Cayapa Formativa Tecnol\u00f3gica en UE Mercedes Prospert - Infocentro","type":"rich","width":600,"height":338,"html":"<blockquote class=\"wp-embedded-content\" data-secret=\"OgRt1E6LmM\"><a href=\"https:\/\/www.infocentro.gob.ve\/index.php\/cayapa-formativa-tecnologica-en-ue-mercedes-prospert\/\">Cayapa Formativa Tecnol\u00f3gica en UE Mercedes Prospert<\/a><\/blockquote><iframe sandbox=\"allow-scripts\" security=\"restricted\" src=\"https:\/\/www.infocentro.gob.ve\/index.php\/cayapa-formativa-tecnologica-en-ue-mercedes-prospert\/embed\/#?secret=OgRt1E6LmM\" width=\"600\" height=\"338\" title=\"\u00abCayapa Formativa Tecnol\u00f3gica en UE Mercedes Prospert\u00bb \u2014 Infocentro\" data-secret=\"OgRt1E6LmM\" frameborder=\"0\" marginwidth=\"0\" marginheight=\"0\" scrolling=\"no\" class=\"wp-embedded-content\"><\/iframe><script type=\"text\/javascript\">\n\/* <![CDATA[ *\/\n\/*! This file is auto-generated *\/\n!function(d,l){\"use strict\";l.querySelector&&d.addEventListener&&\"undefined\"!=typeof URL&&(d.wp=d.wp||{},d.wp.receiveEmbedMessage||(d.wp.receiveEmbedMessage=function(e){var t=e.data;if((t||t.secret||t.message||t.value)&&!\/[^a-zA-Z0-9]\/.test(t.secret)){for(var s,r,n,a=l.querySelectorAll('iframe[data-secret=\"'+t.secret+'\"]'),o=l.querySelectorAll('blockquote[data-secret=\"'+t.secret+'\"]'),c=new RegExp(\"^https?:$\",\"i\"),i=0;i<o.length;i++)o[i].style.display=\"none\";for(i=0;i<a.length;i++)s=a[i],e.source===s.contentWindow&&(s.removeAttribute(\"style\"),\"height\"===t.message?(1e3<(r=parseInt(t.value,10))?r=1e3:~~r<200&&(r=200),s.height=r):\"link\"===t.message&&(r=new URL(s.getAttribute(\"src\")),n=new URL(t.value),c.test(n.protocol))&&n.host===r.host&&l.activeElement===s&&(d.top.location.href=t.value))}},d.addEventListener(\"message\",d.wp.receiveEmbedMessage,!1),l.addEventListener(\"DOMContentLoaded\",function(){for(var e,t,s=l.querySelectorAll(\"iframe.wp-embedded-content\"),r=0;r<s.length;r++)(t=(e=s[r]).getAttribute(\"data-secret\"))||(t=Math.random().toString(36).substring(2,12),e.src+=\"#?secret=\"+t,e.setAttribute(\"data-secret\",t)),e.contentWindow.postMessage({message:\"ready\",secret:t},\"*\")},!1)))}(window,document);\n\/\/# sourceURL=https:\/\/www.infocentro.gob.ve\/wp-includes\/js\/wp-embed.min.js\n\/* ]]> *\/\n<\/script>\n","thumbnail_url":"https:\/\/www.infocentro.gob.ve\/wp-content\/uploads\/2025\/12\/5015013959429458751.jpg","thumbnail_width":800,"thumbnail_height":600,"description":"El equipo de Infocentro Bol\u00edvar, conformado por Mariela P\u00e9rez, Dave Rojas, Xavier Flores, Jos\u00e9 Moreno y Larrys Ruiz. Estuvieron presentes en la Unidad Educativa Mercedes Prospert, ubicada en la parroquia Sim\u00f3n Bol\u00edvar en San F\u00e9lix, para ofrecer una jornada de Rob\u00f3tica a estudiantes de primer a sexto grado completando un recorrido de doce aulas de clases En esta oportunidad los facilitadores, ofrecieron charla sobre la rob\u00f3tica, su importancia en el futuro tecnol\u00f3gico, las partes y funcionamiento del prototipo \u00daltimate 2.0 culminando con una demostraci\u00f3n del mismo A consultar a Magdalena \u00c1lvarez , docente de Recursos para el Aprendizaje (RPA), del plantel comenta la satisfacci\u00f3n y agradecimiento por ser Infocentro Bol\u00edvar el ente que m\u00e1s ha llegado a los ni\u00f1os \u00bb Me siento contenta de contar con ustedes y ense\u00f1arles a nuestros ni\u00f1os un tema tan importante como la rob\u00f3tica\u00bb adem\u00e1s inform\u00f3 sobre otro proyecto escolar llamado Radio Pasillo , que consiste en noticias del \u00e1mbito educativo Cabe se\u00f1alar que, durante esta estad\u00eda se pudo observar la emoci\u00f3n de los peque\u00f1os participantes en ver y conocer sobre este maravilloso plan que lleva el Mincyt y apalancado por Fundaci\u00f3n Infocentro Para finalizar, en este mismo encuentro se dio una bailoterapia en conmemoraci\u00f3n de celebrarse el d\u00eda internacional de la discapacidad que es cada 3 de Diciembre donde tambi\u00e9n participaron facilitadores mostrando integraci\u00f3n con los ni\u00f1os y docentes Prensa Infocentro Bol\u00edvar | Larrys Ruiz"}