{"version":"1.0","provider_name":"Infocentro","provider_url":"https:\/\/www.infocentro.gob.ve","author_name":"Osmar Ruiz","author_url":"https:\/\/www.infocentro.gob.ve\/index.php\/author\/osmar-ruiz\/","title":"Bautizo de la colecci\u00f3n editorial \u201cPensar como Pa\u00eds\u201d - Infocentro","type":"rich","width":600,"height":338,"html":"<blockquote class=\"wp-embedded-content\" data-secret=\"tiuzJDQu6N\"><a href=\"https:\/\/www.infocentro.gob.ve\/index.php\/bautizo-de-la-coleccion-editorial-pensar-como-pais\/\">Bautizo de la colecci\u00f3n editorial \u201cPensar como Pa\u00eds\u201d<\/a><\/blockquote><iframe sandbox=\"allow-scripts\" security=\"restricted\" src=\"https:\/\/www.infocentro.gob.ve\/index.php\/bautizo-de-la-coleccion-editorial-pensar-como-pais\/embed\/#?secret=tiuzJDQu6N\" width=\"600\" height=\"338\" title=\"\u00abBautizo de la colecci\u00f3n editorial \u201cPensar como Pa\u00eds\u201d\u00bb \u2014 Infocentro\" data-secret=\"tiuzJDQu6N\" frameborder=\"0\" marginwidth=\"0\" marginheight=\"0\" scrolling=\"no\" class=\"wp-embedded-content\"><\/iframe><script type=\"text\/javascript\">\n\/* <![CDATA[ *\/\n\/*! This file is auto-generated *\/\n!function(d,l){\"use strict\";l.querySelector&&d.addEventListener&&\"undefined\"!=typeof URL&&(d.wp=d.wp||{},d.wp.receiveEmbedMessage||(d.wp.receiveEmbedMessage=function(e){var t=e.data;if((t||t.secret||t.message||t.value)&&!\/[^a-zA-Z0-9]\/.test(t.secret)){for(var s,r,n,a=l.querySelectorAll('iframe[data-secret=\"'+t.secret+'\"]'),o=l.querySelectorAll('blockquote[data-secret=\"'+t.secret+'\"]'),c=new RegExp(\"^https?:$\",\"i\"),i=0;i<o.length;i++)o[i].style.display=\"none\";for(i=0;i<a.length;i++)s=a[i],e.source===s.contentWindow&&(s.removeAttribute(\"style\"),\"height\"===t.message?(1e3<(r=parseInt(t.value,10))?r=1e3:~~r<200&&(r=200),s.height=r):\"link\"===t.message&&(r=new URL(s.getAttribute(\"src\")),n=new URL(t.value),c.test(n.protocol))&&n.host===r.host&&l.activeElement===s&&(d.top.location.href=t.value))}},d.addEventListener(\"message\",d.wp.receiveEmbedMessage,!1),l.addEventListener(\"DOMContentLoaded\",function(){for(var e,t,s=l.querySelectorAll(\"iframe.wp-embedded-content\"),r=0;r<s.length;r++)(t=(e=s[r]).getAttribute(\"data-secret\"))||(t=Math.random().toString(36).substring(2,12),e.src+=\"#?secret=\"+t,e.setAttribute(\"data-secret\",t)),e.contentWindow.postMessage({message:\"ready\",secret:t},\"*\")},!1)))}(window,document);\n\/\/# sourceURL=https:\/\/www.infocentro.gob.ve\/wp-includes\/js\/wp-embed.min.js\n\/* ]]> *\/\n<\/script>\n","thumbnail_url":"https:\/\/www.infocentro.gob.ve\/wp-content\/uploads\/2022\/08\/Pensar-como-Pais-1.jpg","thumbnail_width":679,"thumbnail_height":680,"description":"Prensa Infocentro \/ Yolimer Guanipa.- Este lunes 15\/09\/2022 se llev\u00f3 a cabo el bautizo de la colecci\u00f3n editorial \u201cPensar como Pa\u00eds\u201c desde los espacios del Centro Cultural Aquiles Nazoa, el cual constituye un conjunto de textos respaldado por el Ministerio de Ciencia y Tecnolog\u00eda \u201cMINCYT\u201d y el Ministerio del Poder Popular para la Cultura \u201cMPPC\u201d. La Ministra del Poder Popular para Ciencia y Tecnolog\u00eda Gabriela Jim\u00e9nez expres\u00f3 su profundo agradecimiento a los diversos invitados internacionales, a todos los participantes, al Ministro Ernesto Villegas, a su equipo de trabajo, a todos los compa\u00f1eros del Centro de Estudios Descoloniales y tambi\u00e9n a los que acompa\u00f1an y mantienen la casa Aquiles Nazoa, pensadores, ilustres y poetas venezolanos por el acompa\u00f1amiento a la Revoluci\u00f3n Bolivariana. Gabriela Jim\u00e9nez acot\u00f3 \u201cPensar pensarnos como Pa\u00eds, fue una instrucci\u00f3n que el Presidente Nicol\u00e1s nos dio en un acto el a\u00f1o pasado pr\u00f3ximos a organizar el Congreso Venezolano de Ciencia y Tecnolog\u00eda, nos dec\u00eda que ese congreso que esos cient\u00edficas y cient\u00edficos, investigadores , movimientos sociales acad\u00e9micos, que todas y todos los participantes; Gabriela hagan un ejercicio de pensarnos como pa\u00eds por lo tanto no era un acto individual, era un acto colectivo un desaf\u00edo para la ciencia de la modernidad que evidentemente construyo practicas m\u00e9todos y metodolog\u00edas para que estemos solitos en los mesones de laboratorios con nuestros tubos de ensayo\u201d. En tal sentido la Colecci\u00f3n Editorial \u201cPensar como Pa\u00eds\u201d Ediciones Mincyt, engloba todo lo referente a la transformaci\u00f3n cultural de Venezuela en sus diversas tem\u00e1ticas y \u00e1reas, entre ellas: salud, agricultura, formaci\u00f3n de pol\u00edticas p\u00fablicas, toma de decisiones, sostenibilidad socio ambiental entre otros aspectos; en cada edici\u00f3n sus diversos autores, hacen \u00e9nfasis a la modernidad en materia de Ciencia y Tecnolog\u00eda en defensa para la vida. V\u00eddeo: https:\/\/youtu.be\/Bmceu6C3vgA Fotos: https:\/\/cutt.ly\/sXjYCOZ Colecci\u00f3n: https:\/\/cutt.ly\/4Xjnyez"}